{"id":4188,"date":"2025-07-22T10:01:00","date_gmt":"2025-07-22T08:01:00","guid":{"rendered":"https:\/\/www.ckis-ziemowit.pl\/?page_id=4188"},"modified":"2025-09-16T13:05:16","modified_gmt":"2025-09-16T11:05:16","slug":"zrob-to-jak-kujawiak-gotuj-i-tworz","status":"publish","type":"page","link":"https:\/\/www.ckis-ziemowit.pl\/index.php\/zrob-to-jak-kujawiak-gotuj-i-tworz\/","title":{"rendered":"ZR\u00d3B TO JAK KUJAWIAK- GOTUJ I TW\u00d3RZ"},"content":{"rendered":"\t\t<div data-elementor-type=\"wp-page\" data-elementor-id=\"4188\" class=\"elementor elementor-4188\">\n\t\t\t\t\t\t<section class=\"elementor-section elementor-top-section elementor-element elementor-element-2503a4f elementor-section-boxed elementor-section-height-default elementor-section-height-default\" data-id=\"2503a4f\" data-element_type=\"section\" data-e-type=\"section\">\n\t\t\t\t\t\t<div class=\"elementor-container elementor-column-gap-default\">\n\t\t\t\t\t<div class=\"elementor-column elementor-col-100 elementor-top-column elementor-element elementor-element-3a6e967\" data-id=\"3a6e967\" data-element_type=\"column\" data-e-type=\"column\">\n\t\t\t<div class=\"elementor-widget-wrap elementor-element-populated\">\n\t\t\t\t\t\t<div class=\"elementor-element elementor-element-bc341e3 elementor-widget elementor-widget-text-editor\" data-id=\"bc341e3\" data-element_type=\"widget\" data-e-type=\"widget\" data-widget_type=\"text-editor.default\">\n\t\t\t\t<div class=\"elementor-widget-container\">\n\t\t\t\t\t\t\t\t\t<p class=\"Standard\"><span style=\"font-family: arial, helvetica, sans-serif; font-size: 14pt;\">Zapraszamy serdecznie na wyj\u0105tkowy cykl warsztat\u00f3w, kt\u00f3re o\u017cywi\u0105 tradycje kulinarne i artystyczne Kujaw!\u00a0<!--[endif]--><\/span><\/p><p class=\"Standard\"><span style=\"font-family: arial, helvetica, sans-serif; font-size: 14pt;\">W ramach projektu &#8222;Zr\u00f3b to jak Kujawiak- Gotuj i Tw\u00f3rz&#8221; uczestnicy b\u0119d\u0105 mieli okazj\u0119:<\/span><\/p><p class=\"Standard\"><span style=\"font-family: arial, helvetica, sans-serif; font-size: 14pt;\">Przygotowa\u0107 tradycyjne kujawskie potrawy z regionalnych produkt\u00f3w,<\/span><\/p><p class=\"Standard\"><span style=\"font-family: arial, helvetica, sans-serif; font-size: 14pt;\">Tworzy\u0107 dzie\u0142a sztuki ludowej w stylu kujawskim,<\/span><\/p><p class=\"Standard\"><span style=\"font-family: arial, helvetica, sans-serif; font-size: 14pt;\">Pozna\u0107 lokalne tradycje, wymienia\u0107 si\u0119 do\u015bwiadczeniami i tworzy\u0107 co\u015b wsp\u00f3lnie.<\/span><\/p><p class=\"Standard\"><span style=\"font-family: arial, helvetica, sans-serif; font-size: 14pt;\">Warsztaty b\u0119d\u0105 si\u0119 odbywa\u0107 od lipca do wrze\u015bnia 2025 r. w \u015awietlicy w Kobylnikach. Spotkania podzielone na dwa etapy (kulinarne i artystyczne), po 5 sesji w ka\u017cdym z tych obszar\u00f3w.\u00a0<!--[endif]--><\/span><\/p><p class=\"Standard\"><span style=\"font-family: arial, helvetica, sans-serif; font-size: 14pt;\">Cel projektu:<\/span><br \/><span style=\"font-family: arial, helvetica, sans-serif; font-size: 14pt;\">\u2022 Aktywizacja mieszka\u0144c\u00f3w, w tym wspieranie przekazu mi\u0119dzypokoleniowego,<\/span><br \/><span style=\"font-family: arial, helvetica, sans-serif; font-size: 14pt;\">\u2022 Kultywowanie tradycji regionalnych i pog\u0142\u0119bianie to\u017csamo\u015bci kujawskiej,<\/span><br \/><span style=\"font-family: arial, helvetica, sans-serif; font-size: 14pt;\">\u2022 Edukacja oraz integracja spo\u0142eczno\u015bci,<\/span><br \/><span style=\"font-family: arial, helvetica, sans-serif; font-size: 14pt;\">\u2022 Promocja kultury kujawskiej w\u015br\u00f3d wszystkich pokole\u0144.<\/span><\/p><p class=\"Standard\"><span style=\"font-family: arial, helvetica, sans-serif; font-size: 14pt;\">Zach\u0119camy do udzia\u0142u mieszka\u0144c\u00f3w So\u0142ectwa Kobylniki i okolicznych wsi! Warto by\u0107 cz\u0119\u015bci\u0105 tego wspania\u0142ego projektu!<\/span><\/p><p><span style=\"font-size: 14pt; font-family: arial, helvetica, sans-serif;\">Projekt zosta\u0142 dofinansowany przez Narodowy Instytut Kultury i Dziedzictwa Wsi w ramach Programu Folk(od)nowa.<\/span><\/p>\t\t\t\t\t\t\t\t<\/div>\n\t\t\t\t<\/div>\n\t\t\t\t\t<\/div>\n\t\t<\/div>\n\t\t\t\t\t<\/div>\n\t\t<\/section>\n\t\t\t\t<section class=\"elementor-section elementor-top-section elementor-element elementor-element-f1e52a1 elementor-section-boxed elementor-section-height-default elementor-section-height-default\" data-id=\"f1e52a1\" data-element_type=\"section\" data-e-type=\"section\">\n\t\t\t\t\t\t<div class=\"elementor-container elementor-column-gap-default\">\n\t\t\t\t\t<div class=\"elementor-column elementor-col-100 elementor-top-column elementor-element elementor-element-227bf06\" data-id=\"227bf06\" data-element_type=\"column\" data-e-type=\"column\">\n\t\t\t<div class=\"elementor-widget-wrap elementor-element-populated\">\n\t\t\t\t\t\t<div class=\"elementor-element elementor-element-568972d elementor-widget elementor-widget-image\" data-id=\"568972d\" data-element_type=\"widget\" data-e-type=\"widget\" data-widget_type=\"image.default\">\n\t\t\t\t<div class=\"elementor-widget-container\">\n\t\t\t\t\t\t\t\t\t\t\t\t\t\t\t<img fetchpriority=\"high\" decoding=\"async\" width=\"724\" height=\"1024\" src=\"https:\/\/www.ckis-ziemowit.pl\/wp-content\/uploads\/2025\/09\/plakat2-724x1024.jpg\" class=\"attachment-large size-large wp-image-4190\" alt=\"\" srcset=\"https:\/\/www.ckis-ziemowit.pl\/wp-content\/uploads\/2025\/09\/plakat2-724x1024.jpg 724w, https:\/\/www.ckis-ziemowit.pl\/wp-content\/uploads\/2025\/09\/plakat2-212x300.jpg 212w, https:\/\/www.ckis-ziemowit.pl\/wp-content\/uploads\/2025\/09\/plakat2-768x1086.jpg 768w, https:\/\/www.ckis-ziemowit.pl\/wp-content\/uploads\/2025\/09\/plakat2-1086x1536.jpg 1086w, https:\/\/www.ckis-ziemowit.pl\/wp-content\/uploads\/2025\/09\/plakat2-1448x2048.jpg 1448w, https:\/\/www.ckis-ziemowit.pl\/wp-content\/uploads\/2025\/09\/plakat2-scaled.jpg 1810w\" sizes=\"(max-width: 724px) 100vw, 724px\" \/>\t\t\t\t\t\t\t\t\t\t\t\t\t\t\t<\/div>\n\t\t\t\t<\/div>\n\t\t\t\t\t<\/div>\n\t\t<\/div>\n\t\t\t\t\t<\/div>\n\t\t<\/section>\n\t\t\t\t<\/div>\n\t\t","protected":false},"excerpt":{"rendered":"<p>Zapraszamy serdecznie na wyj\u0105tkowy cykl warsztat\u00f3w, kt\u00f3re o\u017cywi\u0105 tradycje kulinarne i artystyczne Kujaw!\u00a0 W ramach projektu &#8222;Zr\u00f3b to jak Kujawiak- Gotuj i Tw\u00f3rz&#8221; uczestnicy b\u0119d\u0105 mieli okazj\u0119: Przygotowa\u0107 tradycyjne kujawskie potrawy z regionalnych produkt\u00f3w, Tworzy\u0107 dzie\u0142a sztuki ludowej w stylu kujawskim, Pozna\u0107 lokalne tradycje, wymienia\u0107 si\u0119 do\u015bwiadczeniami i tworzy\u0107 co\u015b wsp\u00f3lnie. Warsztaty b\u0119d\u0105 si\u0119 odbywa\u0107 [&hellip;]<\/p>\n","protected":false},"author":1,"featured_media":0,"parent":0,"menu_order":0,"comment_status":"closed","ping_status":"closed","template":"","meta":{"footnotes":""},"class_list":["post-4188","page","type-page","status-publish","czr-hentry"],"_links":{"self":[{"href":"https:\/\/www.ckis-ziemowit.pl\/index.php\/wp-json\/wp\/v2\/pages\/4188","targetHints":{"allow":["GET"]}}],"collection":[{"href":"https:\/\/www.ckis-ziemowit.pl\/index.php\/wp-json\/wp\/v2\/pages"}],"about":[{"href":"https:\/\/www.ckis-ziemowit.pl\/index.php\/wp-json\/wp\/v2\/types\/page"}],"author":[{"embeddable":true,"href":"https:\/\/www.ckis-ziemowit.pl\/index.php\/wp-json\/wp\/v2\/users\/1"}],"replies":[{"embeddable":true,"href":"https:\/\/www.ckis-ziemowit.pl\/index.php\/wp-json\/wp\/v2\/comments?post=4188"}],"version-history":[{"count":5,"href":"https:\/\/www.ckis-ziemowit.pl\/index.php\/wp-json\/wp\/v2\/pages\/4188\/revisions"}],"predecessor-version":[{"id":4195,"href":"https:\/\/www.ckis-ziemowit.pl\/index.php\/wp-json\/wp\/v2\/pages\/4188\/revisions\/4195"}],"wp:attachment":[{"href":"https:\/\/www.ckis-ziemowit.pl\/index.php\/wp-json\/wp\/v2\/media?parent=4188"}],"curies":[{"name":"wp","href":"https:\/\/api.w.org\/{rel}","templated":true}]}}